{"version":"1.0","provider_name":"Qu\u00ea Me","provider_url":"https:\/\/queme.org\/fr\/","author_name":"VCHR","author_url":"https:\/\/queme.org\/fr\/author\/vchr\/","title":"Face \u00e0 l\u2019attaque en r\u00e8gle du Vietnam contre la soci\u00e9t\u00e9 civile, une plainte est d\u00e9pos\u00e9e pour violation de l\u2019accord de libre-\u00e9change avec l\u2019UE - Qu\u00ea Me","type":"rich","width":600,"height":338,"html":"<blockquote class=\"wp-embedded-content\" data-secret=\"hcTpTEGfG1\"><a href=\"https:\/\/queme.org\/fr\/une-plainte-contre-vietnam-pour-violation-de-evfta\/\">Face \u00e0 l\u2019attaque en r\u00e8gle du Vietnam contre la soci\u00e9t\u00e9 civile, une plainte est d\u00e9pos\u00e9e pour violation de l\u2019accord de libre-\u00e9change avec l\u2019UE<\/a><\/blockquote><iframe sandbox=\"allow-scripts\" security=\"restricted\" src=\"https:\/\/queme.org\/fr\/une-plainte-contre-vietnam-pour-violation-de-evfta\/embed\/#?secret=hcTpTEGfG1\" width=\"600\" height=\"338\" title=\"\u00ab\u00a0Face \u00e0 l\u2019attaque en r\u00e8gle du Vietnam contre la soci\u00e9t\u00e9 civile, une plainte est d\u00e9pos\u00e9e pour violation de l\u2019accord de libre-\u00e9change avec l\u2019UE\u00a0\u00bb &#8212; Qu\u00ea Me\" data-secret=\"hcTpTEGfG1\" frameborder=\"0\" marginwidth=\"0\" marginheight=\"0\" scrolling=\"no\" class=\"wp-embedded-content\"><\/iframe><script type=\"text\/javascript\">\n\/* <![CDATA[ *\/\n\/*! This file is auto-generated *\/\n!function(d,l){\"use strict\";l.querySelector&&d.addEventListener&&\"undefined\"!=typeof URL&&(d.wp=d.wp||{},d.wp.receiveEmbedMessage||(d.wp.receiveEmbedMessage=function(e){var t=e.data;if((t||t.secret||t.message||t.value)&&!\/[^a-zA-Z0-9]\/.test(t.secret)){for(var s,r,n,a=l.querySelectorAll('iframe[data-secret=\"'+t.secret+'\"]'),o=l.querySelectorAll('blockquote[data-secret=\"'+t.secret+'\"]'),c=new RegExp(\"^https?:$\",\"i\"),i=0;i<o.length;i++)o[i].style.display=\"none\";for(i=0;i<a.length;i++)s=a[i],e.source===s.contentWindow&&(s.removeAttribute(\"style\"),\"height\"===t.message?(1e3<(r=parseInt(t.value,10))?r=1e3:~~r<200&&(r=200),s.height=r):\"link\"===t.message&&(r=new URL(s.getAttribute(\"src\")),n=new URL(t.value),c.test(n.protocol))&&n.host===r.host&&l.activeElement===s&&(d.top.location.href=t.value))}},d.addEventListener(\"message\",d.wp.receiveEmbedMessage,!1),l.addEventListener(\"DOMContentLoaded\",function(){for(var e,t,s=l.querySelectorAll(\"iframe.wp-embedded-content\"),r=0;r<s.length;r++)(t=(e=s[r]).getAttribute(\"data-secret\"))||(t=Math.random().toString(36).substring(2,12),e.src+=\"#?secret=\"+t,e.setAttribute(\"data-secret\",t)),e.contentWindow.postMessage({message:\"ready\",secret:t},\"*\")},!1)))}(window,document);\n\/\/# sourceURL=https:\/\/queme.org\/wp\/wp-includes\/js\/wp-embed.min.js\n\/* ]]> *\/\n<\/script>\n","thumbnail_url":"https:\/\/queme.org\/app\/uploads\/2025\/02\/2025-02-04_fidh-vchr-csw-gb-1.jpg","thumbnail_width":600,"thumbnail_height":337,"description":"COMMUNIQU\u00c9 JOINTF\u00e9d\u00e9ration internationale pour les droits humains (FIDH)Comit\u00e9 Vietnam pour la d\u00e9fense des droits de l\u2019Homme (VCHR)Christian Solidarity Worldwide (CSW)Global Witness La F\u00e9d\u00e9ration internationale pour les droits humains (FIDH), son affili\u00e9e, le Comit\u00e9 Vietnam pour la d\u00e9fense des droits de l\u2019Homme (VCHR), Christian Solidarity Worldwide (CSW) et Global Witness viennent de d\u00e9poser une plainte aupr\u00e8s &hellip;"}