{"id":9619,"date":"2016-05-10T18:01:45","date_gmt":"2016-05-10T18:01:45","guid":{"rendered":"http:\/\/queme.org\/vi\/?page_id=9619"},"modified":"2017-08-02T09:48:06","modified_gmt":"2017-08-02T09:48:06","slug":"tin-cac-ton-giao","status":"publish","type":"page","link":"https:\/\/queme.org\/vi\/tin-cac-ton-giao\/","title":{"rendered":"Tin T\u00f4n gi\u00e1o"},"content":{"rendered":"<h1 style=\"text-align: center;\">T\u1ef1 do T\u00f4n gi\u00e1o<\/h1>\n<p>&nbsp;<\/p>\n<h3>Th\u00f4ng c\u00e1o b\u00e1o ch\u00ed (UBBVQLNVN \/ PTTPGQT)<\/h3>\n<p>12\/03\/2015 <em>(UBBVQLNVN)<\/em>: <a href=\"http:\/\/queme.org\/vi\/bao-cao-vien-dac-biet-ve-tu-do-ton-giao-cong-bo-phuc-trinh-chuyen-di-vn\/\">B\u00e1o c\u00e1o vi\u1ec7n \u0110\u1eb7c bi\u1ec7t v\u1ec1 T\u1ef1 do T\u00f4n gi\u00e1o c\u00f4ng b\u1ed1 Ph\u00fac tr\u00ecnh chuy\u1ebfn \u0111i Vi\u1ec7t Nam t\u1ea1i H\u1ed9i \u0111\u1ed3ng Nh\u00e2n quy\u1ec1n LHQ<\/a><br \/>\n30\/01\/2015 <em>(LHQ)<\/em>: <a href=\"http:\/\/queme.org\/vi\/lhq-bao-cao-cua-bao-cao-vien-dac-biet-ve-tu-ton-giao-hoac-tin-nguong-heiner-bielefeldt\/\">B\u00e1o c\u00e1o c\u1ee7a B\u00e1o c\u00e1o vi\u00ean \u0110\u1eb7c bi\u1ec7t v\u1ec1 T\u1ef1 do T\u00f4n gi\u00e1o ho\u1eb7c T\u00edn ng\u01b0\u1ee1ng, Heiner Bielefeldt<\/a><br \/>\n31\/07\/2014\u00a0<em>(PTTPGQT)<\/em>: <a href=\"http:\/\/queme.org\/vi\/bao-cao-vien-lhq-c-nhiem-tu-do-ton-giao-gap-dtt-thich-quang-do\/\">B\u00e1o c\u00e1o vi\u00ean LHQ \u0110\u1eb7c nhi\u1ec7m T\u1ef1 do T\u00f4n gi\u00e1o \u0111\u1ebfn Thanh Minh Thi\u1ec1n Vi\u1ec7n g\u1eb7p \u0110\u1ee9c T\u0103ng Th\u1ed1ng Th\u00edch Qu\u1ea3ng \u0110\u1ed9 \u0111\u1ec3 t\u00ecm hi\u1ec3u hi\u1ec7n t\u00ecnh Gi\u00e1o h\u1ed9i Ph\u1eadt gi\u00e1o Vi\u1ec7t Nam Th\u1ed1ng nh\u1ea5t<\/a><br \/>\n31\/07\/2014\u00a0<em>(UBBVQLNVN)<\/em>: <a href=\"http:\/\/queme.org\/vi\/ubbvqlnvn-cung-cap-ho-so-dan-ap-ton-giao-tai-vn-cho-bielefeldt\/\">U\u1ef7 ban B\u1ea3o v\u1ec7 Quy\u1ec1n L\u00e0m Ng\u01b0\u1eddi Vi\u1ec7t Nam cung c\u1ea5p H\u1ed3 s\u01a1 \u0111\u00e0n \u00e1p T\u00f4n gi\u00e1o t\u1ea1i Vi\u1ec7t Nam cho B\u00e1o c\u00e1o vi\u00ean LHQ \u0110\u1eb7c nhi\u1ec7m T\u1ef1 do T\u00f4n gi\u00e1o tr\u01b0\u1edbc chuy\u1ebfn \u0111i \u0111i\u1ec1u tra Vi\u1ec7t Nam<\/a><\/p>\n<h3>B\u00e1o ch\u00ed qu\u1ed1c t\u1ebf<\/h3>\n<p>06\/07\/2017 RFA): <a href=\"http:\/\/www.rfa.org\/vietnamese\/news\/vietnamnews\/vchr-calls-on-vietnamese-pm-to-release-prisoners-of-conscience-07062017092004.html\" target=\"_blank\">K\u00eau g\u1ecdi tr\u1ea3 t\u1ef1 do cho t\u00f9 ch\u00ednh tr\u1ecb Vi\u1ec7t Nam<\/a><\/p>\n<p>&nbsp;<\/p>\n","protected":false},"excerpt":{"rendered":"<p>T\u1ef1 do T\u00f4n gi\u00e1o &nbsp; Th\u00f4ng c\u00e1o b\u00e1o ch\u00ed (UBBVQLNVN \/ PTTPGQT) 12\/03\/2015 (UBBVQLNVN): B\u00e1o c\u00e1o vi\u1ec7n \u0110\u1eb7c bi\u1ec7t v\u1ec1 T\u1ef1 do T\u00f4n gi\u00e1o c\u00f4ng b\u1ed1 Ph\u00fac tr\u00ecnh chuy\u1ebfn \u0111i Vi\u1ec7t Nam t\u1ea1i H\u1ed9i \u0111\u1ed3ng Nh\u00e2n quy\u1ec1n LHQ 30\/01\/2015 (LHQ): B\u00e1o c\u00e1o c\u1ee7a B\u00e1o c\u00e1o vi\u00ean \u0110\u1eb7c bi\u1ec7t v\u1ec1 T\u1ef1 do T\u00f4n gi\u00e1o ho\u1eb7c T\u00edn &hellip;<\/p>\n","protected":false},"author":375,"featured_media":0,"parent":0,"menu_order":0,"comment_status":"closed","ping_status":"closed","template":"","meta":{"_bbp_topic_count":0,"_bbp_reply_count":0,"_bbp_total_topic_count":0,"_bbp_total_reply_count":0,"_bbp_voice_count":0,"_bbp_anonymous_reply_count":0,"_bbp_topic_count_hidden":0,"_bbp_reply_count_hidden":0,"_bbp_forum_subforum_count":0,"footnotes":""},"class_list":["post-9619","page","type-page","status-publish",""],"_links":{"self":[{"href":"https:\/\/queme.org\/vi\/wp-json\/wp\/v2\/pages\/9619","targetHints":{"allow":["GET"]}}],"collection":[{"href":"https:\/\/queme.org\/vi\/wp-json\/wp\/v2\/pages"}],"about":[{"href":"https:\/\/queme.org\/vi\/wp-json\/wp\/v2\/types\/page"}],"author":[{"embeddable":true,"href":"https:\/\/queme.org\/vi\/wp-json\/wp\/v2\/users\/375"}],"replies":[{"embeddable":true,"href":"https:\/\/queme.org\/vi\/wp-json\/wp\/v2\/comments?post=9619"}],"version-history":[{"count":0,"href":"https:\/\/queme.org\/vi\/wp-json\/wp\/v2\/pages\/9619\/revisions"}],"wp:attachment":[{"href":"https:\/\/queme.org\/vi\/wp-json\/wp\/v2\/media?parent=9619"}],"curies":[{"name":"wp","href":"https:\/\/api.w.org\/{rel}","templated":true}]}}